{"id":36,"date":"2017-02-16T09:13:19","date_gmt":"2017-02-16T08:13:19","guid":{"rendered":"http:\/\/mxajfmgl.preview.infomaniak.website\/?page_id=36"},"modified":"2025-04-02T14:45:43","modified_gmt":"2025-04-02T12:45:43","slug":"ev","status":"publish","type":"page","link":"https:\/\/www.italpassion.fr\/tr\/","title":{"rendered":"Ev"},"content":{"rendered":"<div class=\"middle-color\">\n<div class=\"gb-element-cd8c8bd9\">\n<h1 class=\"gb-text\">Italpassion, \u0130talyan otomobil tutkunlar\u0131<\/h1>\n\n\n<ul class=\"wp-block-latest-posts__list is-grid columns-3 has-dates featured-first wp-block-latest-posts\"><li><div class=\"wp-block-latest-posts__featured-image\"><img loading=\"lazy\" decoding=\"async\" width=\"1024\" height=\"683\" src=\"https:\/\/www.italpassion.fr\/wp-content\/uploads\/2024\/04\/mirafiori-500-electrique-1024x683.jpg\" class=\"attachment-large size-large wp-post-image\" alt=\"\" style=\"\" srcset=\"https:\/\/www.italpassion.fr\/wp-content\/uploads\/2024\/04\/mirafiori-500-electrique-1024x683.jpg 1024w, https:\/\/www.italpassion.fr\/wp-content\/uploads\/2024\/04\/mirafiori-500-electrique-300x200.jpg 300w, https:\/\/www.italpassion.fr\/wp-content\/uploads\/2024\/04\/mirafiori-500-electrique-768x512.jpg 768w, https:\/\/www.italpassion.fr\/wp-content\/uploads\/2024\/04\/mirafiori-500-electrique-18x12.jpg 18w, https:\/\/www.italpassion.fr\/wp-content\/uploads\/2024\/04\/mirafiori-500-electrique-561x374.jpg 561w, https:\/\/www.italpassion.fr\/wp-content\/uploads\/2024\/04\/mirafiori-500-electrique-1122x748.jpg 1122w, https:\/\/www.italpassion.fr\/wp-content\/uploads\/2024\/04\/mirafiori-500-electrique-265x177.jpg 265w, https:\/\/www.italpassion.fr\/wp-content\/uploads\/2024\/04\/mirafiori-500-electrique-531x354.jpg 531w, https:\/\/www.italpassion.fr\/wp-content\/uploads\/2024\/04\/mirafiori-500-electrique-364x243.jpg 364w, https:\/\/www.italpassion.fr\/wp-content\/uploads\/2024\/04\/mirafiori-500-electrique-728x485.jpg 728w, https:\/\/www.italpassion.fr\/wp-content\/uploads\/2024\/04\/mirafiori-500-electrique-608x405.jpg 608w, https:\/\/www.italpassion.fr\/wp-content\/uploads\/2024\/04\/mirafiori-500-electrique-758x505.jpg 758w, https:\/\/www.italpassion.fr\/wp-content\/uploads\/2024\/04\/mirafiori-500-electrique-1152x768.jpg 1152w, https:\/\/www.italpassion.fr\/wp-content\/uploads\/2024\/04\/mirafiori-500-electrique-600x400.jpg 600w, https:\/\/www.italpassion.fr\/wp-content\/uploads\/2024\/04\/mirafiori-500-electrique.jpg 1200w\" sizes=\"auto, (max-width: 1024px) 100vw, 1024px\" \/><\/div><a class=\"wp-block-latest-posts__post-title\" href=\"https:\/\/www.italpassion.fr\/tr\/fiat\/stellantis-devait-produire-120-000-fiat-500-par-an-la-realite-est-deux-fois-moins-bonne\/\">Stellantis'in y\u0131lda 120.000 Fiat 500 \u00fcretmesi gerekiyordu... ancak ger\u00e7ek bunun yar\u0131s\u0131 kadar iyi<\/a><time datetime=\"2026-04-28T10:11:39+02:00\" class=\"wp-block-latest-posts__post-date\">28 Nisan 2026<\/time><\/li>\n<li><div class=\"wp-block-latest-posts__featured-image\"><img loading=\"lazy\" decoding=\"async\" width=\"1200\" height=\"800\" src=\"https:\/\/www.italpassion.fr\/wp-content\/uploads\/2026\/04\/gregoire-olivier.jpg\" class=\"attachment-large size-large wp-post-image\" alt=\"\" style=\"\" srcset=\"https:\/\/www.italpassion.fr\/wp-content\/uploads\/2026\/04\/gregoire-olivier.jpg 1200w, https:\/\/www.italpassion.fr\/wp-content\/uploads\/2026\/04\/gregoire-olivier-420x280.jpg 420w, https:\/\/www.italpassion.fr\/wp-content\/uploads\/2026\/04\/gregoire-olivier-768x512.jpg 768w, https:\/\/www.italpassion.fr\/wp-content\/uploads\/2026\/04\/gregoire-olivier-18x12.jpg 18w\" sizes=\"auto, (max-width: 1200px) 100vw, 1200px\" \/><\/div><a class=\"wp-block-latest-posts__post-title\" href=\"https:\/\/www.italpassion.fr\/tr\/stellantis\/stellantis-reconnait-que-la-chine-a-10-ans-davance-dans-lelectrique-et-tire-une-conclusion-qui-va-encore-faire-debat-en-europe\/\">Stellantis, \u00c7in'in elektrikli ara\u00e7larda \u00ab10 y\u0131l ileride\u00bb oldu\u011funu kabul ediyor... ve Avrupa'da tart\u0131\u015f\u0131lmaya devam edecek bir sonuca var\u0131yor<\/a><time datetime=\"2026-04-28T08:50:28+02:00\" class=\"wp-block-latest-posts__post-date\">28 Nisan 2026<\/time><\/li>\n<li><div class=\"wp-block-latest-posts__featured-image\"><img loading=\"lazy\" decoding=\"async\" width=\"1200\" height=\"800\" src=\"https:\/\/www.italpassion.fr\/wp-content\/uploads\/2026\/04\/lamborghini-diablo-vs.jpg\" class=\"attachment-large size-large wp-post-image\" alt=\"\" style=\"\" srcset=\"https:\/\/www.italpassion.fr\/wp-content\/uploads\/2026\/04\/lamborghini-diablo-vs.jpg 1200w, https:\/\/www.italpassion.fr\/wp-content\/uploads\/2026\/04\/lamborghini-diablo-vs-420x280.jpg 420w, https:\/\/www.italpassion.fr\/wp-content\/uploads\/2026\/04\/lamborghini-diablo-vs-768x512.jpg 768w, https:\/\/www.italpassion.fr\/wp-content\/uploads\/2026\/04\/lamborghini-diablo-vs-18x12.jpg 18w\" sizes=\"auto, (max-width: 1200px) 100vw, 1200px\" \/><\/div><a class=\"wp-block-latest-posts__post-title\" href=\"https:\/\/www.italpassion.fr\/tr\/lamborghini\/il-sarrete-pour-filmer-une-belle-lamborghini-blanche-sans-savoir-quelle-est-unique-au-monde\/\">G\u00fczel beyaz bir Lamborghini'yi \u00e7ekmek i\u00e7in durur... d\u00fcnyada t\u00fcr\u00fcn\u00fcn tek \u00f6rne\u011fi oldu\u011fundan habersizdir<\/a><time datetime=\"2026-04-27T19:00:26+02:00\" class=\"wp-block-latest-posts__post-date\">27 Nisan 2026<\/time><\/li>\n<li><div class=\"wp-block-latest-posts__featured-image\"><img loading=\"lazy\" decoding=\"async\" width=\"1200\" height=\"800\" src=\"https:\/\/www.italpassion.fr\/wp-content\/uploads\/2025\/07\/volant-ferrari-amalfi.jpg\" class=\"attachment-large size-large wp-post-image\" alt=\"\" style=\"\" srcset=\"https:\/\/www.italpassion.fr\/wp-content\/uploads\/2025\/07\/volant-ferrari-amalfi.jpg 1200w, https:\/\/www.italpassion.fr\/wp-content\/uploads\/2025\/07\/volant-ferrari-amalfi-420x280.jpg 420w, https:\/\/www.italpassion.fr\/wp-content\/uploads\/2025\/07\/volant-ferrari-amalfi-768x512.jpg 768w, https:\/\/www.italpassion.fr\/wp-content\/uploads\/2025\/07\/volant-ferrari-amalfi-18x12.jpg 18w\" sizes=\"auto, (max-width: 1200px) 100vw, 1200px\" \/><\/div><a class=\"wp-block-latest-posts__post-title\" href=\"https:\/\/www.italpassion.fr\/tr\/ferrari\/__trashed\/\">Ferrari bayisi dokunmatik d\u00fc\u011fmelerin fiziksel olanlarla de\u011fi\u015ftirilmesini \u00f6nerdi... ancak Ferrari bundan ho\u015flanmad\u0131<\/a><time datetime=\"2026-04-27T15:17:00+02:00\" class=\"wp-block-latest-posts__post-date\">27 Nisan 2026<\/time><\/li>\n<li><div class=\"wp-block-latest-posts__featured-image\"><img loading=\"lazy\" decoding=\"async\" width=\"1200\" height=\"800\" src=\"https:\/\/www.italpassion.fr\/wp-content\/uploads\/2026\/04\/apollo-evo-0.jpg\" class=\"attachment-large size-large wp-post-image\" alt=\"\" style=\"\" srcset=\"https:\/\/www.italpassion.fr\/wp-content\/uploads\/2026\/04\/apollo-evo-0.jpg 1200w, https:\/\/www.italpassion.fr\/wp-content\/uploads\/2026\/04\/apollo-evo-0-420x280.jpg 420w, https:\/\/www.italpassion.fr\/wp-content\/uploads\/2026\/04\/apollo-evo-0-768x512.jpg 768w, https:\/\/www.italpassion.fr\/wp-content\/uploads\/2026\/04\/apollo-evo-0-18x12.jpg 18w\" sizes=\"auto, (max-width: 1200px) 100vw, 1200px\" \/><\/div><a class=\"wp-block-latest-posts__post-title\" href=\"https:\/\/www.italpassion.fr\/tr\/apollo-automobi\/le-systeme-dechappement-de-lapollo-evo-ressemble-a-une-peau-de-dragon-et-est-imprime-en-3d\/\">Apollo EVO'nun egzoz sistemi bir ejderhan\u0131n derisine benziyor... ve 3D bask\u0131l\u0131<\/a><time datetime=\"2026-04-27T11:26:47+02:00\" class=\"wp-block-latest-posts__post-date\">27 Nisan 2026<\/time><\/li>\n<\/ul><\/div>\n<\/div>\n\n\n\n<div>\n<div class=\"gb-element-897c8c96\">\n<h2 class=\"gb-text\">Markalar<\/h2>\n\n\n\n<div class=\"gb-element-cf405f31\">\n<figure class=\"gb-element-ea1daa77\">\n<a href=\"https:\/\/www.italpassion.fr\/tr\/abarth\/\"><img decoding=\"async\" class=\"brand-logo gb-media-5004e21b\" src=\"https:\/\/www.italpassion.fr\/wp-content\/uploads\/2025\/04\/logo-abarth.svg\" title=\"logo-abarth\"\/><\/a>\n\n\n\n<figcaption class=\"gb-text gb-text-a10c96d5\">Abarth<\/figcaption>\n<\/figure>\n\n\n\n<figure class=\"gb-element-47bbd7ab\">\n<a href=\"https:\/\/www.italpassion.fr\/tr\/alfa-romeo\/\"><img decoding=\"async\" class=\"brand-logo gb-media-34c3e6e0\" src=\"https:\/\/www.italpassion.fr\/wp-content\/uploads\/2025\/04\/logo-alfaromeo.svg\" title=\"logo-alfaromeo\"\/><\/a>\n\n\n\n<figcaption class=\"gb-text gb-text-87ab29cd\">Alfa Romeo<\/figcaption>\n<\/figure>\n\n\n\n<figure class=\"gb-element-634f1996\">\n<a href=\"https:\/\/www.italpassion.fr\/tr\/ferrari\/\"><img decoding=\"async\" class=\"brand-logo gb-media-bbc1468e\" src=\"https:\/\/www.italpassion.fr\/wp-content\/uploads\/2025\/04\/logo-ferrari.svg\" title=\"logoo-ferrari\"\/><\/a>\n\n\n\n<figcaption class=\"gb-text gb-text-36ae7ba8\">Ferrari<\/figcaption>\n<\/figure>\n\n\n\n<figure class=\"gb-element-5f102256\">\n<a href=\"https:\/\/www.italpassion.fr\/tr\/fiat\/\"><img decoding=\"async\" class=\"brand-logo gb-media-a43edd90\" src=\"https:\/\/www.italpassion.fr\/wp-content\/uploads\/2025\/04\/logo-fiat.svg\" title=\"logo-fiat\"\/><\/a>\n\n\n\n<figcaption class=\"gb-text gb-text-1d06651f\">Fiat<\/figcaption>\n<\/figure>\n\n\n\n<figure class=\"gb-element-caf0b982\">\n<a href=\"https:\/\/www.italpassion.fr\/tr\/lamborghini\/\"><img decoding=\"async\" class=\"brand-logo gb-media-f6fb127d\" src=\"https:\/\/www.italpassion.fr\/wp-content\/uploads\/2025\/04\/logo-lamborghini.svg\" title=\"logo-lamborghini\"\/><\/a>\n\n\n\n<figcaption class=\"gb-text gb-text-59b5edec\">Lamborghini<\/figcaption>\n<\/figure>\n\n\n\n<figure class=\"gb-element-f26b9803\">\n<a href=\"https:\/\/www.italpassion.fr\/tr\/lancia\/\"><img loading=\"lazy\" decoding=\"async\" width=\"350\" height=\"355\" class=\"brand-logo gb-media-8ec0beac\" src=\"https:\/\/www.italpassion.fr\/wp-content\/uploads\/2025\/04\/logo-lancia.png\" title=\"logo-lancia\"\/><\/a>\n\n\n\n<figcaption class=\"gb-text gb-text-9b46aa39\">Lancia<\/figcaption>\n<\/figure>\n\n\n\n<div class=\"gb-element-3d181365\">\n<a class=\"gb-text-52b3f6a7 simple\" aria-label=\"Maserati\" href=\"https:\/\/www.italpassion.fr\/tr\/maserati\/\"><span class=\"gb-shape\"><svg xmlns=\"http:\/\/www.w3.org\/2000\/svg\" viewbox=\"0 0 1574 1998\" fill=\"currentColor\"><path d=\"M825 359.8q2.6 69 7 155.6 4.2 85.7 10.3 167.9a703 703 0 0 0 8 71 725.4 725.4 0 0 0 28.3 107.9q29.7 86.3 74.6 166.6 23.7 42.4 49.7 79.8c13 18.7 28.2 37.3 40.7 56.4a.8.8 0 0 1-.5 1.2q-2.3.6-5 .7-17 1-44.3.9-47.3-.3-98-1.5a.7.7-14.3 0 1-.5-.3q-.8-1.4-2-4.5c-26-64.6-57.5-145-82.3-204.4q-9.6-23-16.7-38.4a.6.6 0 0 0-1-.1q-1.2 1.2-1.7 2.3-15.4 31.8-41.8 92.2-41.7 95.8-66.4 152.1a2.2 2.2-78.4 0 1-2 1.4l-140.5 2a.7.7 0 0 1-.6-1.2l26.3-39.3c9.9-14.9 18.8-31 29.9-51.3A2284.5 2284.5 0 0 0 677.9 911q10.3-23.2 21.2-53.5 13.6-37.9 19.7-57.8 15.5-50.2 20.9-102.6c3.2-32 4.7-62 6.3-102.2q2.7-72.5 5.2-186.5.6-24.8.4-46.3a.8.8-7.4 0 0-1-.8q-6.4 1.6-18.5 5.2-16 5-59.9 20c-21.2 7.3-38 12.7-57.8 19.3q-16 5.4-31.5 9.9a.8.8-78.3 0 1-.8-1.3q17-20.9 35.9-43 62.9-74 101-162.2 13-29.9 24.8-66 16.5-50.3 28.3-95.4 4.7-18.1 7.5-34.7Q780.8 7 783.1.8a.9.9 0 0 1 1.7 0q1 2.8 3.6 12.8.5 1.7 7.3 33a757 757 0 0 0 27 94.5Q854 229.6 902 306.7q13.3 21.4 25.9 38.7 16.3 22.6 28.4 36.6 10.4 12 23.6 26.8 4.8 5.3 9.9 12.6a1 1 0 0 1-1.2 1.6q-15.4-4.8-31.4-11.2-43.5-17.3-119.5-48-6.7-2.6-12.3-4.3a.3.3 0 0 0-.3.3Zm-433 812.4a.3.3 0 0 1-.3.3H265.3a1 1 0 0 1-1-1q-5-47.2-10.2-89.2c-8.5-70.5-19.2-139-34-207q-18.3-84.3-47-164.6-14.7-41-31.5-78.5-38-84.6-87.2-168.1-25-42.4-53.2-82.8A1 1 73.3 0 1 2 380q10.3.2 19 .1 24.2-.3 48.5 3.8a378.3 378.3 0 0 1 173.2 76q46.6 37.4 88.3 82.2 11 11.7 22 25.3 6.8 8.6 11.6 16.1c2.7 4.3 6 9.8 5.8 14.8a1.6 1.6 0 0 1-1.6 1.5q-3.2 0-8.3-1-14-2.4-36.2-7.5-81.3-18.8-117.8-27.9-2.9-.6-6.5-.6a.7.7 0 0 0-.7.7q0 2.9 1 5.8c2.5 7 6.6 15 10.2 21.8q29.8 57.2 52.7 110.5 46.1 107.5 80 220.4 20 67 33.8 134.1 2.4 11.9 6.7 38.3c4.3 26 6.3 51.8 8.3 77.9Zm791 .3a.5.5-88 0 1-.6-.6q2.3-31.8 5.1-55.6a890 890 0 0 1 14.9-84q12.3-55.5 29.5-112.5 34-112.8 78.8-217.2 25.3-59 59.1-123a238 238 0 0 0 8.7-18.2.4.4 5 0 0-.5-.6q-16.8 3.8-28.2 6.6-69.8 16.9-142.9 34-1 .2-3.2-.2a.7.7-83.8 0 1-.5-.7c0-5.9 5.3-14 8.2-18.1 17.1-24.2 36.7-46 58.3-67.5a566.6 566.6 0 0 1 99.9-80.9q64.8-40.3 141.3-51.4 4.3-.6 14.2-1.2 22.8-1.3 47.3-1.5a.4.4 0 0 1 .3.5q-.5 2-2 4.1-21.5 31.9-44.7 69.2a1327.6 1327.6 0 0 0-142.4 310.9q-23 75.2-38 150.7c-6.5 33.3-12.3 66.4-17 101q-8.9 64.6-16.8 138.3-.7 6.6-1 13.4a1.8 1.7-4.5 0 1-1.4 1.7 250 250 0 0 1-40 2.6q-37.4.3-86.4.2Zm193.4 81.6a.5.5 0 0 1-.5.6H198.3a.5.5 0 0 1-.5-.6V1206a.5.5 0 0 1 .5-.5H1376a.5.5 0 0 1 .5.5v48.2Zm-53.2 86.2a.6.6 0 0 1-.6.6H256a.6.6 0 0 1-.6-.6v-48a.6.6 0 0 1 .5-.6h1066.7a.6.6 0 0 1 .6.6v48Zm53.3 82.1a.7.7 0 0 1-.7.7H198.5a.7.7 0 0 1-.6-.7v-48a.7.7 0 0 1 .6-.6h1177.3a.7.7 0 0 1 .7.7v48Zm-878.9 38.8a.6.6 0 0 1 .2-1.2h578.6a.5.5 0 0 1 .2 1l-30.3 11a269 269 0 0 0-70.6 37.4 115.3 115.3 0 0 0-40.3 50.8q-9.5 26.2-15.2 51.3-5 22-9.5 44.8a1 1 0 0 1-1 .9H664.5a1.1 1.1 85.4 0 1-1-1c-1.5-9.3-3.7-25-6.6-36.1-5.5-21.7-14.7-43-26-63.4q-7.6-13.7-17-25.6-11.7-14.9-29.1-27.8-24.7-18.4-47-27.6-23.5-9.7-38.5-14l-1.7-.5Zm-238.1 3.3a.5.5 0 0 1 .4-.4h130a.5.5-78.8 0 1 .4.6l-10.4 25.7a108.4 108.4 0 0 1-56.2 60.3q-20.5 8.9-42.3 5.2c-6.2-1-14-3.7-21-5.7a1.1 1.1 0 0 1-1-1.1v-84.6Zm924.4.6a.8.8-11.2 0 1 .7-1h134a.6.5 0 0 1 .5.5v84.3a1.5 1.5 0 0 1-1 1.4l-18.7 4.8c-33.3 8.2-64.5-7.8-87-31.5q-8-8.5-12.8-20.2-10-24.7-15.7-38.3Zm-226.2 318.4a1 1 0 0 1-1 1H609.5a1 1 0 0 1-1-1v-84.3a1 1 0 0 1 1-1h347.2a1 1 0 0 1 1 1v84.3ZM911.2 1998H651.3l-1.1-.2a.7.7 0 0 1-.5-.6v-170.8a.8.8 0 0 1 .8-.9h261.1a.8.8 0 0 1 .9.9v170.8a.5.5 0 0 1-.4.6l-.9.2Z\"><\/path><\/svg><\/span><\/a>\n\n\n\n<span class=\"gb-text gb-text-71d22c59\">Maserati<\/span>\n<\/div>\n\n\n\n<figure class=\"gb-element-feae8498\">\n<a href=\"https:\/\/www.italpassion.fr\/tr\/pagani\/\"><img loading=\"lazy\" decoding=\"async\" width=\"350\" height=\"188\" class=\"brand-logo gb-media-b86142dd\" src=\"https:\/\/www.italpassion.fr\/wp-content\/uploads\/2025\/04\/logo-pagani.png\" title=\"logo-pagani\"\/><\/a>\n\n\n\n<figcaption class=\"gb-text gb-text-fc8228d9\">Pagani<\/figcaption>\n<\/figure>\n<\/div>\n<\/div>\n<\/div>\n\n\n\n<div class=\"gb-element-9b262662\">\n<div class=\"gb-element-df28fb37 decoration\">\n<h2 class=\"gb-text\">Otomotiv haberlerinin geri kalan\u0131<\/h2>\n\n\n\n<div><ul class=\"gb-looper-b4e7501f wp-block-latest-posts wp-block-latest-posts__list\">\n<li class=\"gb-loop-item post-49330 post type-post status-publish format-standard has-post-thumbnail hentry category-lancia category-rally2 category-competition generate-columns tablet-grid-50 mobile-grid-100 grid-parent grid-33\">\n<div class=\"wp-block-latest-posts__featured-image\">\n<img loading=\"lazy\" decoding=\"async\" width=\"1200\" height=\"800\" data-media-id=\"49334\" src=\"https:\/\/www.italpassion.fr\/wp-content\/uploads\/2026\/04\/lancia-canarie-0.jpg\" alt=\"Lancia, Kanarya Adalar\u0131&#039;nda \u00fcst \u00fcste 2. rallisini kazand\u0131... \u00abOtomobilin s\u0131n\u0131rlar\u0131n\u0131 zorlad\u0131k\u00bb\" srcset=\"https:\/\/www.italpassion.fr\/wp-content\/uploads\/2026\/04\/lancia-canarie-0.jpg 1200w, https:\/\/www.italpassion.fr\/wp-content\/uploads\/2026\/04\/lancia-canarie-0-420x280.jpg 420w, https:\/\/www.italpassion.fr\/wp-content\/uploads\/2026\/04\/lancia-canarie-0-768x512.jpg 768w, https:\/\/www.italpassion.fr\/wp-content\/uploads\/2026\/04\/lancia-canarie-0-18x12.jpg 18w\" sizes=\"auto, (max-width: 1200px) 100vw, 1200px\" \/>\n<\/div>\n\n\n\n<a class=\"gb-text wp-block-latest-posts__post-title\" href=\"https:\/\/www.italpassion.fr\/tr\/lancia\/lancia-remporte-son-2e-rallye-de-la-suite-aux-iles-canaries-on-a-pousse-la-voiture-a-la-limite\/\">Lancia, Kanarya Adalar\u0131'nda \u00fcst \u00fcste 2. rallisini kazand\u0131... \u00abOtomobilin s\u0131n\u0131rlar\u0131n\u0131 zorlad\u0131k\u00bb<\/a>\n\n\n\n<p class=\"gb-text wp-block-latest-posts__post-date\">27 Nisan 2026<\/p>\n<\/li>\n\n<li class=\"gb-loop-item post-49295 post type-post status-publish format-standard has-post-thumbnail hentry category-alfa-romeo category-stellantis tag-alfa-romeo-a4u generate-columns tablet-grid-50 mobile-grid-100 grid-parent grid-33\">\n<div class=\"wp-block-latest-posts__featured-image\">\n<img loading=\"lazy\" decoding=\"async\" width=\"1200\" height=\"800\" data-media-id=\"49296\" src=\"https:\/\/www.italpassion.fr\/wp-content\/uploads\/2026\/04\/brera-0.jpg\" alt=\"Stellantis bir \u0130talyan fabrikas\u0131 i\u00e7in 5. modelini duyurdu... ve bu yeni bir Alfa Romeo olabilir\" srcset=\"https:\/\/www.italpassion.fr\/wp-content\/uploads\/2026\/04\/brera-0.jpg 1200w, https:\/\/www.italpassion.fr\/wp-content\/uploads\/2026\/04\/brera-0-420x280.jpg 420w, https:\/\/www.italpassion.fr\/wp-content\/uploads\/2026\/04\/brera-0-768x512.jpg 768w, https:\/\/www.italpassion.fr\/wp-content\/uploads\/2026\/04\/brera-0-18x12.jpg 18w\" sizes=\"auto, (max-width: 1200px) 100vw, 1200px\" \/>\n<\/div>\n\n\n\n<a class=\"gb-text wp-block-latest-posts__post-title\" href=\"https:\/\/www.italpassion.fr\/tr\/stellantis\/stellantis-annonce-un-5e-modele-pour-une-usine-italienne-et-ca-pourrait-etre-une-nouvelle-alfa-romeo\/\">Stellantis bir \u0130talyan fabrikas\u0131 i\u00e7in 5. modelini duyurdu... ve bu yeni bir Alfa Romeo olabilir<\/a>\n\n\n\n<p class=\"gb-text wp-block-latest-posts__post-date\">27 Nisan 2026<\/p>\n<\/li>\n\n<li class=\"gb-loop-item post-49027 post type-post status-publish format-standard has-post-thumbnail hentry category-ferrari tag-ferrari-enzo generate-columns tablet-grid-50 mobile-grid-100 grid-parent grid-33\">\n<div class=\"wp-block-latest-posts__featured-image\">\n<img loading=\"lazy\" decoding=\"async\" width=\"1200\" height=\"800\" data-media-id=\"49310\" src=\"https:\/\/www.italpassion.fr\/wp-content\/uploads\/2026\/04\/enzo-gris-0.jpg\" alt=\"Bu renkteki sadece 9 Ferrari Enzo&#039;dan biridir ve y\u00fcksek bir kilometreye sahiptir... bu da m\u00fczayede tahminlerini a\u015fmas\u0131n\u0131 engellememi\u015ftir.\" srcset=\"https:\/\/www.italpassion.fr\/wp-content\/uploads\/2026\/04\/enzo-gris-0.jpg 1200w, https:\/\/www.italpassion.fr\/wp-content\/uploads\/2026\/04\/enzo-gris-0-420x280.jpg 420w, https:\/\/www.italpassion.fr\/wp-content\/uploads\/2026\/04\/enzo-gris-0-768x512.jpg 768w, https:\/\/www.italpassion.fr\/wp-content\/uploads\/2026\/04\/enzo-gris-0-18x12.jpg 18w\" sizes=\"auto, (max-width: 1200px) 100vw, 1200px\" \/>\n<\/div>\n\n\n\n<a class=\"gb-text wp-block-latest-posts__post-title\" href=\"https:\/\/www.italpassion.fr\/tr\/ferrari\/elle-est-lune-des-9-ferrari-enzo-dans-cette-couleur-et-affiche-un-fort-kilometrage-ce-qui-ne-la-pas-empechee-de-depasser-les-estimations-aux-encheres\/\">Bu renkteki sadece 9 Ferrari Enzo'dan biridir ve y\u00fcksek bir kilometreye sahiptir... bu da m\u00fczayede tahminlerini a\u015fmas\u0131n\u0131 engellememi\u015ftir.<\/a>\n\n\n\n<p class=\"gb-text wp-block-latest-posts__post-date\">26 Nisan 2026<\/p>\n<\/li>\n\n<li class=\"gb-loop-item post-49287 post type-post status-publish format-standard has-post-thumbnail hentry category-lamborghini tag-lamborghini-huracan generate-columns tablet-grid-50 mobile-grid-100 grid-parent grid-33\">\n<div class=\"wp-block-latest-posts__featured-image\">\n<img loading=\"lazy\" decoding=\"async\" width=\"1200\" height=\"800\" data-media-id=\"49288\" src=\"https:\/\/www.italpassion.fr\/wp-content\/uploads\/2026\/04\/lamboghini-pickup.jpg\" alt=\"Y\u00fcksek kenarl\u0131 Chevrolet pikab\u0131yla Lamborghini Hurac\u00e1n kullan\u0131yor... fark\u0131nda olmadan\" srcset=\"https:\/\/www.italpassion.fr\/wp-content\/uploads\/2026\/04\/lamboghini-pickup.jpg 1200w, https:\/\/www.italpassion.fr\/wp-content\/uploads\/2026\/04\/lamboghini-pickup-420x280.jpg 420w, https:\/\/www.italpassion.fr\/wp-content\/uploads\/2026\/04\/lamboghini-pickup-768x512.jpg 768w, https:\/\/www.italpassion.fr\/wp-content\/uploads\/2026\/04\/lamboghini-pickup-18x12.jpg 18w\" sizes=\"auto, (max-width: 1200px) 100vw, 1200px\" \/>\n<\/div>\n\n\n\n<a class=\"gb-text wp-block-latest-posts__post-title\" href=\"https:\/\/www.italpassion.fr\/tr\/lamborghini\/elle-roule-sur-une-lamborghini-huracan-avec-son-pickup-chevrolet-sureleve-sans-sen-rendre-compte\/\">Y\u00fcksek kenarl\u0131 Chevrolet pikab\u0131yla Lamborghini Hurac\u00e1n kullan\u0131yor... fark\u0131nda olmadan<\/a>\n\n\n\n<p class=\"gb-text wp-block-latest-posts__post-date\">26 Nisan 2026<\/p>\n<\/li>\n\n<li class=\"gb-loop-item post-47744 post type-post status-publish format-standard has-post-thumbnail hentry category-ferrari tag-ferrari-612-scaglietti generate-columns tablet-grid-50 mobile-grid-100 grid-parent grid-33\">\n<div class=\"wp-block-latest-posts__featured-image\">\n<img loading=\"lazy\" decoding=\"async\" width=\"1200\" height=\"800\" data-media-id=\"49263\" src=\"https:\/\/www.italpassion.fr\/wp-content\/uploads\/2026\/03\/ferrari-612-1.jpg\" alt=\"Piyasadaki en ucuz V12 Ferrari&#039;yi 20.000 \u20ac&#039;ya sat\u0131n al\u0131yor... ve neden ucuz Ferrari diye bir \u015fey olmad\u0131\u011f\u0131n\u0131 ke\u015ffediyor\" srcset=\"https:\/\/www.italpassion.fr\/wp-content\/uploads\/2026\/03\/ferrari-612-1.jpg 1200w, https:\/\/www.italpassion.fr\/wp-content\/uploads\/2026\/03\/ferrari-612-1-420x280.jpg 420w, https:\/\/www.italpassion.fr\/wp-content\/uploads\/2026\/03\/ferrari-612-1-768x512.jpg 768w, https:\/\/www.italpassion.fr\/wp-content\/uploads\/2026\/03\/ferrari-612-1-18x12.jpg 18w\" sizes=\"auto, (max-width: 1200px) 100vw, 1200px\" \/>\n<\/div>\n\n\n\n<a class=\"gb-text wp-block-latest-posts__post-title\" href=\"https:\/\/www.italpassion.fr\/tr\/ferrari\/il-achete-la-ferrari-v12-la-moins-chere-du-marche-pour-20-000e-et-decouvre-pourquoi-une-ferrari-bon-marche-nexiste-pas-vraiment\/\">Piyasadaki en ucuz V12 Ferrari'yi 20.000 \u20ac'ya sat\u0131n al\u0131yor... ve neden ucuz Ferrari diye bir \u015fey olmad\u0131\u011f\u0131n\u0131 ke\u015ffediyor<\/a>\n\n\n\n<p class=\"gb-text wp-block-latest-posts__post-date\">25 Nisan 2026<\/p>\n<\/li>\n\n<li class=\"gb-loop-item post-48752 post type-post status-publish format-standard has-post-thumbnail hentry category-ferrari tag-ferrari-daytona-sp3 generate-columns tablet-grid-50 mobile-grid-100 grid-parent grid-33\">\n<div class=\"wp-block-latest-posts__featured-image\">\n<img loading=\"lazy\" decoding=\"async\" width=\"1200\" height=\"800\" data-media-id=\"48837\" src=\"https:\/\/www.italpassion.fr\/wp-content\/uploads\/2026\/04\/sp3-min-1.jpg\" alt=\"Bu minyat\u00fcr Ferrari&#039;nin yap\u0131m\u0131 300 saat s\u00fcrd\u00fc... \u00f6yle ki ger\u00e7e\u011finden ay\u0131rt etmek imkans\u0131z.\" srcset=\"https:\/\/www.italpassion.fr\/wp-content\/uploads\/2026\/04\/sp3-min-1.jpg 1200w, https:\/\/www.italpassion.fr\/wp-content\/uploads\/2026\/04\/sp3-min-1-420x280.jpg 420w, https:\/\/www.italpassion.fr\/wp-content\/uploads\/2026\/04\/sp3-min-1-768x512.jpg 768w, https:\/\/www.italpassion.fr\/wp-content\/uploads\/2026\/04\/sp3-min-1-18x12.jpg 18w\" sizes=\"auto, (max-width: 1200px) 100vw, 1200px\" \/>\n<\/div>\n\n\n\n<a class=\"gb-text wp-block-latest-posts__post-title\" href=\"https:\/\/www.italpassion.fr\/tr\/ferrari\/cette-miniature-de-ferrari-a-demande-300-heures-de-travail-au-point-quil-est-impossible-de-la-distinguer-de-la-vraie\/\">Bu minyat\u00fcr Ferrari'nin yap\u0131m\u0131 300 saat s\u00fcrd\u00fc... \u00f6yle ki ger\u00e7e\u011finden ay\u0131rt etmek imkans\u0131z.<\/a>\n\n\n\n<p class=\"gb-text wp-block-latest-posts__post-date\">24 Nisan 2026<\/p>\n<\/li>\n\n<li class=\"gb-loop-item post-49063 post type-post status-publish format-standard has-post-thumbnail hentry category-lamborghini tag-lamborghini-miura generate-columns tablet-grid-50 mobile-grid-100 grid-parent grid-33\">\n<div class=\"wp-block-latest-posts__featured-image\">\n<img loading=\"lazy\" decoding=\"async\" width=\"1200\" height=\"800\" data-media-id=\"49246\" src=\"https:\/\/www.italpassion.fr\/wp-content\/uploads\/2026\/04\/miura-sv-1.jpg\" alt=\"Lamborghini bu Miura SV&#039;yi tamamen bozulmu\u015f halde teslim ald\u0131... i\u015fte 3 y\u0131l sonra geldi\u011fi hal\" srcset=\"https:\/\/www.italpassion.fr\/wp-content\/uploads\/2026\/04\/miura-sv-1.jpg 1200w, https:\/\/www.italpassion.fr\/wp-content\/uploads\/2026\/04\/miura-sv-1-420x280.jpg 420w, https:\/\/www.italpassion.fr\/wp-content\/uploads\/2026\/04\/miura-sv-1-768x512.jpg 768w, https:\/\/www.italpassion.fr\/wp-content\/uploads\/2026\/04\/miura-sv-1-18x12.jpg 18w\" sizes=\"auto, (max-width: 1200px) 100vw, 1200px\" \/>\n<\/div>\n\n\n\n<a class=\"gb-text wp-block-latest-posts__post-title\" href=\"https:\/\/www.italpassion.fr\/tr\/lamborghini\/lamborghini-a-recu-cette-miura-sv-completement-defiguree-voici-ce-quelle-est-devenue-apres-3-ans\/\">Lamborghini bu Miura SV'yi tamamen bozulmu\u015f halde teslim ald\u0131... i\u015fte 3 y\u0131l sonra geldi\u011fi hal<\/a>\n\n\n\n<p class=\"gb-text wp-block-latest-posts__post-date\">24 Nisan 2026<\/p>\n<\/li>\n\n<li class=\"gb-loop-item post-49220 post type-post status-publish format-standard has-post-thumbnail hentry category-maserati tag-maserati-quattroporte-iv generate-columns tablet-grid-50 mobile-grid-100 grid-parent grid-33\">\n<div class=\"wp-block-latest-posts__featured-image\">\n<img loading=\"lazy\" decoding=\"async\" width=\"1200\" height=\"800\" data-media-id=\"49223\" src=\"https:\/\/www.italpassion.fr\/wp-content\/uploads\/2026\/04\/maserati-quattroporte-1.jpg\" alt=\"Japonya&#039;da bu Maserati V8, benzersiz rengiyle Halk\u0131n Se\u00e7imi \u00d6d\u00fcl\u00fcn\u00fc kazand\u0131... 30 y\u0131l sonra bile yeni gibi!\" srcset=\"https:\/\/www.italpassion.fr\/wp-content\/uploads\/2026\/04\/maserati-quattroporte-1.jpg 1200w, https:\/\/www.italpassion.fr\/wp-content\/uploads\/2026\/04\/maserati-quattroporte-1-420x280.jpg 420w, https:\/\/www.italpassion.fr\/wp-content\/uploads\/2026\/04\/maserati-quattroporte-1-768x512.jpg 768w, https:\/\/www.italpassion.fr\/wp-content\/uploads\/2026\/04\/maserati-quattroporte-1-18x12.jpg 18w\" sizes=\"auto, (max-width: 1200px) 100vw, 1200px\" \/>\n<\/div>\n\n\n\n<a class=\"gb-text wp-block-latest-posts__post-title\" href=\"https:\/\/www.italpassion.fr\/tr\/maserati\/au-japon-cette-maserati-v8-a-remporte-le-prix-du-public-grace-a-sa-couleur-unique-apres-30-ans-elle-est-comme-neuve\/\">Japonya'da bu Maserati V8, benzersiz rengiyle Halk\u0131n Se\u00e7imi \u00d6d\u00fcl\u00fcn\u00fc kazand\u0131... 30 y\u0131l sonra bile yeni gibi!<\/a>\n\n\n\n<p class=\"gb-text wp-block-latest-posts__post-date\">24 Nisan 2026<\/p>\n<\/li>\n\n<li class=\"gb-loop-item post-49045 post type-post status-publish format-standard has-post-thumbnail hentry category-lancia tag-lancia-delta generate-columns tablet-grid-50 mobile-grid-100 grid-parent grid-33\">\n<div class=\"wp-block-latest-posts__featured-image\">\n<img loading=\"lazy\" decoding=\"async\" width=\"1200\" height=\"800\" data-media-id=\"49046\" src=\"https:\/\/www.italpassion.fr\/wp-content\/uploads\/2026\/04\/lancia-delta-s4-6.jpg\" alt=\"Lancia Delta S4\u00ab\u00fc 650 bhp g\u00fc\u00e7 \u00fcretiyor... Daha g\u00fc\u00e7l\u00fc bir versiyonunu test etmi\u015f ancak \u00bb\u00e7ok g\u00fc\u00e7l\u00fc ve s\u00fcr\u00fclmez&quot; bulmu\u015f.\u00bb\" srcset=\"https:\/\/www.italpassion.fr\/wp-content\/uploads\/2026\/04\/lancia-delta-s4-6.jpg 1200w, https:\/\/www.italpassion.fr\/wp-content\/uploads\/2026\/04\/lancia-delta-s4-6-420x280.jpg 420w, https:\/\/www.italpassion.fr\/wp-content\/uploads\/2026\/04\/lancia-delta-s4-6-768x512.jpg 768w, https:\/\/www.italpassion.fr\/wp-content\/uploads\/2026\/04\/lancia-delta-s4-6-18x12.jpg 18w\" sizes=\"auto, (max-width: 1200px) 100vw, 1200px\" \/>\n<\/div>\n\n\n\n<a class=\"gb-text wp-block-latest-posts__post-title\" href=\"https:\/\/www.italpassion.fr\/tr\/lancia\/sa-lancia-delta-s4-developpe-650-ch-il-a-teste-une-version-encore-plus-puissante-mais-la-jugee-trop-puissante-et-inconduisible\/\">Lancia Delta S4\u00ab\u00fc 650 bhp g\u00fc\u00e7 \u00fcretiyor... Daha g\u00fc\u00e7l\u00fc bir versiyonunu test etmi\u015f ancak \u00bb\u00e7ok g\u00fc\u00e7l\u00fc ve s\u00fcr\u00fclmez\" bulmu\u015f.\u00bb<\/a>\n\n\n\n<p class=\"gb-text wp-block-latest-posts__post-date\">24 Nisan 2026<\/p>\n<\/li>\n\n<li class=\"gb-loop-item post-49197 post type-post status-publish format-standard has-post-thumbnail hentry category-stellantis generate-columns tablet-grid-50 mobile-grid-100 grid-parent grid-33\">\n<div class=\"wp-block-latest-posts__featured-image\">\n<img loading=\"lazy\" decoding=\"async\" width=\"1200\" height=\"800\" data-media-id=\"49198\" src=\"https:\/\/www.italpassion.fr\/wp-content\/uploads\/2026\/04\/cassino.jpg\" alt=\"Stellantis Fransa, \u0130talya, \u0130spanya ve Almanya&#039;daki tesislerini satmay\u0131 veya payla\u015fmay\u0131 planl\u0131yor... \u00c7inli heyetler bu tesisleri \u00e7oktan ziyaret etti\" srcset=\"https:\/\/www.italpassion.fr\/wp-content\/uploads\/2026\/04\/cassino.jpg 1200w, https:\/\/www.italpassion.fr\/wp-content\/uploads\/2026\/04\/cassino-420x280.jpg 420w, https:\/\/www.italpassion.fr\/wp-content\/uploads\/2026\/04\/cassino-768x512.jpg 768w, https:\/\/www.italpassion.fr\/wp-content\/uploads\/2026\/04\/cassino-18x12.jpg 18w\" sizes=\"auto, (max-width: 1200px) 100vw, 1200px\" \/>\n<\/div>\n\n\n\n<a class=\"gb-text wp-block-latest-posts__post-title\" href=\"https:\/\/www.italpassion.fr\/tr\/stellantis\/stellantis-envisage-de-vendre-ou-partager-ses-usines-en-france-italie-espagne-et-allemagne-des-delegations-chinoises-les-ont-deja-visitees\/\">Stellantis Fransa, \u0130talya, \u0130spanya ve Almanya'daki tesislerini satmay\u0131 veya payla\u015fmay\u0131 planl\u0131yor... \u00c7inli heyetler bu tesisleri \u00e7oktan ziyaret etti<\/a>\n\n\n\n<p class=\"gb-text wp-block-latest-posts__post-date\">24 Nisan 2026<\/p>\n<\/li>\n\n<li class=\"gb-loop-item post-49127 post type-post status-publish format-standard has-post-thumbnail hentry category-pininfarina tag-honda-nsx generate-columns tablet-grid-50 mobile-grid-100 grid-parent grid-33\">\n<div class=\"wp-block-latest-posts__featured-image\">\n<img loading=\"lazy\" decoding=\"async\" width=\"1200\" height=\"800\" data-media-id=\"49128\" src=\"https:\/\/www.italpassion.fr\/wp-content\/uploads\/2026\/04\/nsx-0.jpg\" alt=\"Pininfarina, Honda NSX&#039;in restomodunu tan\u0131tt\u0131... do\u011fal aspirasyonlu V6, manuel \u015fanz\u0131man ve \u0130talya&#039;da elle montaj\" srcset=\"https:\/\/www.italpassion.fr\/wp-content\/uploads\/2026\/04\/nsx-0.jpg 1200w, https:\/\/www.italpassion.fr\/wp-content\/uploads\/2026\/04\/nsx-0-420x280.jpg 420w, https:\/\/www.italpassion.fr\/wp-content\/uploads\/2026\/04\/nsx-0-768x512.jpg 768w, https:\/\/www.italpassion.fr\/wp-content\/uploads\/2026\/04\/nsx-0-18x12.jpg 18w\" sizes=\"auto, (max-width: 1200px) 100vw, 1200px\" \/>\n<\/div>\n\n\n\n<a class=\"gb-text wp-block-latest-posts__post-title\" href=\"https:\/\/www.italpassion.fr\/tr\/pininfarina\/pininfarina-devoile-son-restomod-de-la-honda-nsx-v6-atmospherique-boite-manuelle-et-assemble-a-la-main-en-italie\/\">Pininfarina, Honda NSX'in restomodunu tan\u0131tt\u0131... do\u011fal aspirasyonlu V6, manuel \u015fanz\u0131man ve \u0130talya'da elle montaj<\/a>\n\n\n\n<p class=\"gb-text wp-block-latest-posts__post-date\">23 Nisan 2026<\/p>\n<\/li>\n\n<li class=\"gb-loop-item post-48914 post type-post status-publish format-standard has-post-thumbnail hentry category-lamborghini tag-lamborghini-huracan generate-columns tablet-grid-50 mobile-grid-100 grid-parent grid-33\">\n<div class=\"wp-block-latest-posts__featured-image\">\n<img loading=\"lazy\" decoding=\"async\" width=\"1200\" height=\"800\" data-media-id=\"48915\" src=\"https:\/\/www.italpassion.fr\/wp-content\/uploads\/2026\/04\/lambo-rose-3.jpg\" alt=\"Asla tutamad\u0131\u011f\u0131 bir s\u00f6z y\u00fcz\u00fcnden yaln\u0131z ya\u015fl\u0131lar\u0131 pembe bir Lamborghini ile bedava gezdiriyor...\" srcset=\"https:\/\/www.italpassion.fr\/wp-content\/uploads\/2026\/04\/lambo-rose-3.jpg 1200w, https:\/\/www.italpassion.fr\/wp-content\/uploads\/2026\/04\/lambo-rose-3-420x280.jpg 420w, https:\/\/www.italpassion.fr\/wp-content\/uploads\/2026\/04\/lambo-rose-3-768x512.jpg 768w, https:\/\/www.italpassion.fr\/wp-content\/uploads\/2026\/04\/lambo-rose-3-18x12.jpg 18w\" sizes=\"auto, (max-width: 1200px) 100vw, 1200px\" \/>\n<\/div>\n\n\n\n<a class=\"gb-text wp-block-latest-posts__post-title\" href=\"https:\/\/www.italpassion.fr\/tr\/lamborghini\/il-avait-promis-a-sa-grand-mere-un-tour-en-lamborghini-elle-est-decedee-avant-il-loffre-desormais-aux-personnes-agees-seules\/\">Yaln\u0131z ya\u015fl\u0131 insanlara pembe bir Lamborghini ile \u00fccretsiz yolculuklar sunuyor... \u00e7\u00fcnk\u00fc asla tutamayaca\u011f\u0131 bir s\u00f6z verdi<\/a>\n\n\n\n<p class=\"gb-text wp-block-latest-posts__post-date\">23 Nisan 2026<\/p>\n<\/li>\n\n<li class=\"gb-loop-item post-44541 post type-post status-publish format-standard has-post-thumbnail hentry category-ferrari tag-ferrari-hypersail generate-columns tablet-grid-50 mobile-grid-100 grid-parent grid-33\">\n<div class=\"wp-block-latest-posts__featured-image\">\n<img loading=\"lazy\" decoding=\"async\" width=\"1200\" height=\"800\" data-media-id=\"49149\" src=\"https:\/\/www.italpassion.fr\/wp-content\/uploads\/2026\/04\/hypersail-ferrari-0.jpg\" alt=\"Ferrari bir yar\u0131\u015f yat\u0131 in\u015fa etti... ve teknolojisinin gelecekteki otomobillerde kullan\u0131laca\u011f\u0131na s\u00f6z verdi\" srcset=\"https:\/\/www.italpassion.fr\/wp-content\/uploads\/2026\/04\/hypersail-ferrari-0.jpg 1200w, https:\/\/www.italpassion.fr\/wp-content\/uploads\/2026\/04\/hypersail-ferrari-0-420x280.jpg 420w, https:\/\/www.italpassion.fr\/wp-content\/uploads\/2026\/04\/hypersail-ferrari-0-768x512.jpg 768w, https:\/\/www.italpassion.fr\/wp-content\/uploads\/2026\/04\/hypersail-ferrari-0-18x12.jpg 18w\" sizes=\"auto, (max-width: 1200px) 100vw, 1200px\" \/>\n<\/div>\n\n\n\n<a class=\"gb-text wp-block-latest-posts__post-title\" href=\"https:\/\/www.italpassion.fr\/tr\/ferrari\/ferrari-construit-un-voilier-de-course-et-promet-que-sa-technologie-se-retrouvera-dans-ses-futures-voitures\/\">Ferrari bir yar\u0131\u015f yat\u0131 in\u015fa etti... ve teknolojisinin gelecekteki otomobillerde kullan\u0131laca\u011f\u0131na s\u00f6z verdi<\/a>\n\n\n\n<p class=\"gb-text wp-block-latest-posts__post-date\">23 Nisan 2026<\/p>\n<\/li>\n\n<li class=\"gb-loop-item post-49142 post type-post status-publish format-standard has-post-thumbnail hentry category-fiat tag-fiat-grizzly generate-columns tablet-grid-50 mobile-grid-100 grid-parent grid-33\">\n<div class=\"wp-block-latest-posts__featured-image\">\n<img loading=\"lazy\" decoding=\"async\" width=\"1200\" height=\"800\" data-media-id=\"49145\" src=\"https:\/\/www.italpassion.fr\/wp-content\/uploads\/2026\/04\/fiat-grizzly-0.jpg\" alt=\"Bu Fiat fabrikas\u0131 gelecekteki Fastback SUV&#039;unu kamufle etmeyi unutmu\u015f... ve fiyat\u0131 herkesi \u015fa\u015f\u0131rtacak\" srcset=\"https:\/\/www.italpassion.fr\/wp-content\/uploads\/2026\/04\/fiat-grizzly-0.jpg 1200w, https:\/\/www.italpassion.fr\/wp-content\/uploads\/2026\/04\/fiat-grizzly-0-420x280.jpg 420w, https:\/\/www.italpassion.fr\/wp-content\/uploads\/2026\/04\/fiat-grizzly-0-768x512.jpg 768w, https:\/\/www.italpassion.fr\/wp-content\/uploads\/2026\/04\/fiat-grizzly-0-18x12.jpg 18w\" sizes=\"auto, (max-width: 1200px) 100vw, 1200px\" \/>\n<\/div>\n\n\n\n<a class=\"gb-text wp-block-latest-posts__post-title\" href=\"https:\/\/www.italpassion.fr\/tr\/fiat\/cette-usine-fiat-a-oublie-de-camoufler-son-futur-suv-fastback-et-son-prix-va-surprendre-tout-le-monde\/\">Bu Fiat fabrikas\u0131 gelecekteki Fastback SUV'unu kamufle etmeyi unutmu\u015f... ve fiyat\u0131 herkesi \u015fa\u015f\u0131rtacak<\/a>\n\n\n\n<p class=\"gb-text wp-block-latest-posts__post-date\">23 Nisan 2026<\/p>\n<\/li>\n\n<li class=\"gb-loop-item post-49054 post type-post status-publish format-standard has-post-thumbnail hentry category-stellantis tag-ep6 generate-columns tablet-grid-50 mobile-grid-100 grid-parent grid-33\">\n<div class=\"wp-block-latest-posts__featured-image\">\n<img loading=\"lazy\" decoding=\"async\" width=\"1200\" height=\"800\" data-media-id=\"40725\" src=\"https:\/\/www.italpassion.fr\/wp-content\/uploads\/2025\/08\/ep6-usa-5.jpg\" alt=\"Stellantis, plug-in hibritlerinin g\u00fcc\u00fcn\u00fc 240 bhp&#039;ye \u00e7\u0131kar\u0131yor... hem de tek bir mekanik par\u00e7ay\u0131 de\u011fi\u015ftirmeden\" srcset=\"https:\/\/www.italpassion.fr\/wp-content\/uploads\/2025\/08\/ep6-usa-5.jpg 1200w, https:\/\/www.italpassion.fr\/wp-content\/uploads\/2025\/08\/ep6-usa-5-420x280.jpg 420w, https:\/\/www.italpassion.fr\/wp-content\/uploads\/2025\/08\/ep6-usa-5-768x512.jpg 768w, https:\/\/www.italpassion.fr\/wp-content\/uploads\/2025\/08\/ep6-usa-5-18x12.jpg 18w\" sizes=\"auto, (max-width: 1200px) 100vw, 1200px\" \/>\n<\/div>\n\n\n\n<a class=\"gb-text wp-block-latest-posts__post-title\" href=\"https:\/\/www.italpassion.fr\/tr\/stellantis\/stellantis-augmente-la-puissance-jusqua-240-ch-sur-ses-hybrides-rechargeable-sans-modifier-une-seule-piece-mecanique\/\">Stellantis, plug-in hibritlerinin g\u00fcc\u00fcn\u00fc 240 bhp'ye \u00e7\u0131kar\u0131yor... hem de tek bir mekanik par\u00e7ay\u0131 de\u011fi\u015ftirmeden<\/a>\n\n\n\n<p class=\"gb-text wp-block-latest-posts__post-date\">23 Nisan 2026<\/p>\n<\/li>\n\n<li class=\"gb-loop-item post-48939 post type-post status-publish format-standard has-post-thumbnail hentry category-ferrari tag-ferrari-360 tag-ferrari-360-spider generate-columns tablet-grid-50 mobile-grid-100 grid-parent grid-33\">\n<div class=\"wp-block-latest-posts__featured-image\">\n<img loading=\"lazy\" decoding=\"async\" width=\"1200\" height=\"800\" data-media-id=\"48940\" src=\"https:\/\/www.italpassion.fr\/wp-content\/uploads\/2026\/04\/ferrari-360-spider-1.jpg\" alt=\"D\u00f6rt y\u0131ld\u0131r bir Ferrari 360 Spider&#039;\u0131 var... ve onu en \u00e7ok \u015fa\u015f\u0131rtan \u015fey ne g\u00fcvenilirli\u011fi ne de maliyeti.\" srcset=\"https:\/\/www.italpassion.fr\/wp-content\/uploads\/2026\/04\/ferrari-360-spider-1.jpg 1200w, https:\/\/www.italpassion.fr\/wp-content\/uploads\/2026\/04\/ferrari-360-spider-1-420x280.jpg 420w, https:\/\/www.italpassion.fr\/wp-content\/uploads\/2026\/04\/ferrari-360-spider-1-768x512.jpg 768w, https:\/\/www.italpassion.fr\/wp-content\/uploads\/2026\/04\/ferrari-360-spider-1-18x12.jpg 18w\" sizes=\"auto, (max-width: 1200px) 100vw, 1200px\" \/>\n<\/div>\n\n\n\n<a class=\"gb-text wp-block-latest-posts__post-title\" href=\"https:\/\/www.italpassion.fr\/tr\/ferrari\/il-possede-une-ferrari-360-spider-depuis-4-ans-ce-qui-la-le-plus-surpris-nest-ni-la-fiabilite-ni-le-cout\/\">D\u00f6rt y\u0131ld\u0131r bir Ferrari 360 Spider'\u0131 var... ve onu en \u00e7ok \u015fa\u015f\u0131rtan \u015fey ne g\u00fcvenilirli\u011fi ne de maliyeti.<\/a>\n\n\n\n<p class=\"gb-text wp-block-latest-posts__post-date\">22 Nisan 2026<\/p>\n<\/li>\n\n<li class=\"gb-loop-item post-48970 post type-post status-publish format-standard has-post-thumbnail hentry category-lamborghini tag-lamborghini-huracan generate-columns tablet-grid-50 mobile-grid-100 grid-parent grid-33\">\n<div class=\"wp-block-latest-posts__featured-image\">\n<img loading=\"lazy\" decoding=\"async\" width=\"1200\" height=\"800\" data-media-id=\"48972\" src=\"https:\/\/www.italpassion.fr\/wp-content\/uploads\/2026\/04\/huracan-3.jpg\" alt=\"Sokakta tamamen soyulmu\u015f bir Lamborghini... Bu efsanevi V10&#039;un son nesli\" srcset=\"https:\/\/www.italpassion.fr\/wp-content\/uploads\/2026\/04\/huracan-3.jpg 1200w, https:\/\/www.italpassion.fr\/wp-content\/uploads\/2026\/04\/huracan-3-420x280.jpg 420w, https:\/\/www.italpassion.fr\/wp-content\/uploads\/2026\/04\/huracan-3-768x512.jpg 768w, https:\/\/www.italpassion.fr\/wp-content\/uploads\/2026\/04\/huracan-3-18x12.jpg 18w\" sizes=\"auto, (max-width: 1200px) 100vw, 1200px\" \/>\n<\/div>\n\n\n\n<a class=\"gb-text wp-block-latest-posts__post-title\" href=\"https:\/\/www.italpassion.fr\/tr\/lamborghini\/voici-a-quoi-ressemble-une-lamborghini-sans-sa-carrosserie-et-cest-la-derniere-generation-avec-ce-moteur-v10\/\">Sokakta tamamen soyulmu\u015f bir Lamborghini... Bu efsanevi V10'un son nesli<\/a>\n\n\n\n<p class=\"gb-text wp-block-latest-posts__post-date\">22 Nisan 2026<\/p>\n<\/li>\n\n<li class=\"gb-loop-item post-48921 post type-post status-publish format-standard has-post-thumbnail hentry category-lancia tag-lancia-delta generate-columns tablet-grid-50 mobile-grid-100 grid-parent grid-33\">\n<div class=\"wp-block-latest-posts__featured-image\">\n<img loading=\"lazy\" decoding=\"async\" width=\"1200\" height=\"800\" data-media-id=\"48922\" src=\"https:\/\/www.italpassion.fr\/wp-content\/uploads\/2026\/04\/lancia-evo-3.jpg\" alt=\"Lancia Delta Evolution 3&#039;\u00fc hi\u00e7 \u00fcretmedi... onunla WRC&#039;yi kazanan s\u00fcr\u00fcc\u00fc 30 y\u0131l sonra \u00fcretti.\" srcset=\"https:\/\/www.italpassion.fr\/wp-content\/uploads\/2026\/04\/lancia-evo-3.jpg 1200w, https:\/\/www.italpassion.fr\/wp-content\/uploads\/2026\/04\/lancia-evo-3-420x280.jpg 420w, https:\/\/www.italpassion.fr\/wp-content\/uploads\/2026\/04\/lancia-evo-3-768x512.jpg 768w, https:\/\/www.italpassion.fr\/wp-content\/uploads\/2026\/04\/lancia-evo-3-18x12.jpg 18w\" sizes=\"auto, (max-width: 1200px) 100vw, 1200px\" \/>\n<\/div>\n\n\n\n<a class=\"gb-text wp-block-latest-posts__post-title\" href=\"https:\/\/www.italpassion.fr\/tr\/lancia\/lancia-na-jamais-construit-la-delta-evolution-3-cest-le-pilote-qui-a-gagne-le-wrc-avec-elle-qui-la-fait-30-ans-plus-tard\/\">Lancia Delta Evolution 3'\u00fc hi\u00e7 \u00fcretmedi... onunla WRC'yi kazanan s\u00fcr\u00fcc\u00fc 30 y\u0131l sonra \u00fcretti.<\/a>\n\n\n\n<p class=\"gb-text wp-block-latest-posts__post-date\">22 Nisan 2026<\/p>\n<\/li>\n\n<li class=\"gb-loop-item post-49110 post type-post status-publish format-standard has-post-thumbnail hentry category-alfa-romeo tag-alfa-romeo-164 generate-columns tablet-grid-50 mobile-grid-100 grid-parent grid-33\">\n<div class=\"wp-block-latest-posts__featured-image\">\n<img loading=\"lazy\" decoding=\"async\" width=\"1200\" height=\"800\" data-media-id=\"49117\" src=\"https:\/\/www.italpassion.fr\/wp-content\/uploads\/2026\/04\/alfa-romeo-164-0.jpg\" alt=\"Alfa Romeo, 620 bhp F1 V10 ile bir 164 haz\u0131rlam\u0131\u015ft\u0131... ama sonunda 30 y\u0131l boyunca \u00e7al\u0131\u015fan \u00fcretim versiyonu oldu.\" srcset=\"https:\/\/www.italpassion.fr\/wp-content\/uploads\/2026\/04\/alfa-romeo-164-0.jpg 1200w, https:\/\/www.italpassion.fr\/wp-content\/uploads\/2026\/04\/alfa-romeo-164-0-420x280.jpg 420w, https:\/\/www.italpassion.fr\/wp-content\/uploads\/2026\/04\/alfa-romeo-164-0-768x512.jpg 768w, https:\/\/www.italpassion.fr\/wp-content\/uploads\/2026\/04\/alfa-romeo-164-0-18x12.jpg 18w\" sizes=\"auto, (max-width: 1200px) 100vw, 1200px\" \/>\n<\/div>\n\n\n\n<a class=\"gb-text wp-block-latest-posts__post-title\" href=\"https:\/\/www.italpassion.fr\/tr\/alfa-romeo\/alfa-romeo-avait-prepare-une-164-avec-un-v10-de-f1-a-620-ch-mais-cest-la-version-de-serie-qui-a-finalement-couru-30-ans\/\">Alfa Romeo, 620 bhp F1 V10 ile bir 164 haz\u0131rlam\u0131\u015ft\u0131... ama sonunda 30 y\u0131l boyunca \u00e7al\u0131\u015fan \u00fcretim versiyonu oldu.<\/a>\n\n\n\n<p class=\"gb-text wp-block-latest-posts__post-date\">22 Nisan 2026<\/p>\n<\/li>\n\n<li class=\"gb-loop-item post-49098 post type-post status-publish format-standard has-post-thumbnail hentry category-stellantis generate-columns tablet-grid-50 mobile-grid-100 grid-parent grid-33\">\n<div class=\"wp-block-latest-posts__featured-image\">\n<img loading=\"lazy\" decoding=\"async\" width=\"1200\" height=\"800\" data-media-id=\"45225\" src=\"https:\/\/www.italpassion.fr\/wp-content\/uploads\/2026\/01\/stellantis-phev-00.jpg\" alt=\"Stellantis plug-in hibrit modellerini geri \u00e7a\u011f\u0131r\u0131yor... ve ayn\u0131 zamanda kumla kirlenmi\u015f olan de\u011fi\u015ftirilmi\u015f motorlar\u0131 da geri \u00e7a\u011f\u0131r\u0131yor\" srcset=\"https:\/\/www.italpassion.fr\/wp-content\/uploads\/2026\/01\/stellantis-phev-00.jpg 1200w, https:\/\/www.italpassion.fr\/wp-content\/uploads\/2026\/01\/stellantis-phev-00-420x280.jpg 420w, https:\/\/www.italpassion.fr\/wp-content\/uploads\/2026\/01\/stellantis-phev-00-768x512.jpg 768w, https:\/\/www.italpassion.fr\/wp-content\/uploads\/2026\/01\/stellantis-phev-00-18x12.jpg 18w\" sizes=\"auto, (max-width: 1200px) 100vw, 1200px\" \/>\n<\/div>\n\n\n\n<a class=\"gb-text wp-block-latest-posts__post-title\" href=\"https:\/\/www.italpassion.fr\/tr\/stellantis\/stellantis-rappelle-ses-modeles-hybrides-rechargeables-puis-rappelle-aussi-les-moteurs-remplaces-eux-memes-contamines-par-du-sable\/\">Stellantis plug-in hibrit modellerini geri \u00e7a\u011f\u0131r\u0131yor... ve ayn\u0131 zamanda kumla kirlenmi\u015f olan de\u011fi\u015ftirilmi\u015f motorlar\u0131 da geri \u00e7a\u011f\u0131r\u0131yor<\/a>\n\n\n\n<p class=\"gb-text wp-block-latest-posts__post-date\">22 Nisan 2026<\/p>\n<\/li>\n\n<li class=\"gb-loop-item post-42526 post type-post status-publish format-standard has-post-thumbnail hentry category-italdesign-giugiaro tag-honda-nsx generate-columns tablet-grid-50 mobile-grid-100 grid-parent grid-33\">\n<div class=\"wp-block-latest-posts__featured-image\">\n<img loading=\"lazy\" decoding=\"async\" width=\"1200\" height=\"800\" data-media-id=\"49100\" src=\"https:\/\/www.italpassion.fr\/wp-content\/uploads\/2025\/10\/honda-nsx-0.jpg\" alt=\"Italdesign Honda NSX&#039;i yeniden tasarlad\u0131... ve Milano Tasar\u0131m Haftas\u0131&#039;nda bir sanat eseri olarak sergiliyor\" srcset=\"https:\/\/www.italpassion.fr\/wp-content\/uploads\/2025\/10\/honda-nsx-0.jpg 1200w, https:\/\/www.italpassion.fr\/wp-content\/uploads\/2025\/10\/honda-nsx-0-420x280.jpg 420w, https:\/\/www.italpassion.fr\/wp-content\/uploads\/2025\/10\/honda-nsx-0-768x512.jpg 768w, https:\/\/www.italpassion.fr\/wp-content\/uploads\/2025\/10\/honda-nsx-0-18x12.jpg 18w\" sizes=\"auto, (max-width: 1200px) 100vw, 1200px\" \/>\n<\/div>\n\n\n\n<a class=\"gb-text wp-block-latest-posts__post-title\" href=\"https:\/\/www.italpassion.fr\/tr\/italdesign-giugiaro\/italdesign-a-redessine-la-honda-nsx-et-lexpose-a-la-milano-design-week-comme-une-oeuvre-dart\/\">Italdesign Honda NSX'i yeniden tasarlad\u0131... ve Milano Tasar\u0131m Haftas\u0131'nda bir sanat eseri olarak sergiliyor<\/a>\n\n\n\n<p class=\"gb-text wp-block-latest-posts__post-date\">21 Nisan 2026<\/p>\n<\/li>\n\n<li class=\"gb-loop-item post-48981 post type-post status-publish format-standard has-post-thumbnail hentry category-ferrari tag-ferrari-f40 generate-columns tablet-grid-50 mobile-grid-100 grid-parent grid-33\">\n<div class=\"wp-block-latest-posts__featured-image\">\n<img loading=\"lazy\" decoding=\"async\" width=\"1200\" height=\"800\" data-media-id=\"49090\" src=\"https:\/\/www.italpassion.fr\/wp-content\/uploads\/2026\/04\/v40-rouge-0.jpg\" alt=\"Dubai merkezli bu tuner, Maranello&#039;nun asla yapmak istemedi\u011fi modern Ferrari F40&#039;\u0131 yaratmaya cesaret etti\" srcset=\"https:\/\/www.italpassion.fr\/wp-content\/uploads\/2026\/04\/v40-rouge-0.jpg 1200w, https:\/\/www.italpassion.fr\/wp-content\/uploads\/2026\/04\/v40-rouge-0-420x280.jpg 420w, https:\/\/www.italpassion.fr\/wp-content\/uploads\/2026\/04\/v40-rouge-0-768x512.jpg 768w, https:\/\/www.italpassion.fr\/wp-content\/uploads\/2026\/04\/v40-rouge-0-18x12.jpg 18w\" sizes=\"auto, (max-width: 1200px) 100vw, 1200px\" \/>\n<\/div>\n\n\n\n<a class=\"gb-text wp-block-latest-posts__post-title\" href=\"https:\/\/www.italpassion.fr\/tr\/ferrari\/ce-preparateur-de-dubai-a-ose-creer-la-ferrari-f40-moderne-que-maranello-na-jamais-voulu-faire\/\">Dubai merkezli bu tuner, Maranello'nun asla yapmak istemedi\u011fi modern Ferrari F40'\u0131 yaratmaya cesaret etti<\/a>\n\n\n\n<p class=\"gb-text wp-block-latest-posts__post-date\">21 Nisan 2026<\/p>\n<\/li>\n\n<li class=\"gb-loop-item post-49073 post type-post status-publish format-standard has-post-thumbnail hentry category-lamborghini tag-lamborghini-revuelto generate-columns tablet-grid-50 mobile-grid-100 grid-parent grid-33\">\n<div class=\"wp-block-latest-posts__featured-image\">\n<img loading=\"lazy\" decoding=\"async\" width=\"1200\" height=\"800\" data-media-id=\"49079\" src=\"https:\/\/www.italpassion.fr\/wp-content\/uploads\/2026\/04\/revuelto-svj-1.jpg\" alt=\"Ferrari F80 zaten 1.200 bhp g\u00fc\u00e7 \u00fcretiyor... Lamborghini Revuelto SV daha da g\u00fc\u00e7l\u00fc bir yan\u0131t vermeye haz\u0131rlan\u0131yor\" srcset=\"https:\/\/www.italpassion.fr\/wp-content\/uploads\/2026\/04\/revuelto-svj-1.jpg 1200w, https:\/\/www.italpassion.fr\/wp-content\/uploads\/2026\/04\/revuelto-svj-1-420x280.jpg 420w, https:\/\/www.italpassion.fr\/wp-content\/uploads\/2026\/04\/revuelto-svj-1-768x512.jpg 768w, https:\/\/www.italpassion.fr\/wp-content\/uploads\/2026\/04\/revuelto-svj-1-18x12.jpg 18w\" sizes=\"auto, (max-width: 1200px) 100vw, 1200px\" \/>\n<\/div>\n\n\n\n<a class=\"gb-text wp-block-latest-posts__post-title\" href=\"https:\/\/www.italpassion.fr\/tr\/lamborghini\/la-ferrari-f80-developpe-deja-1-200-ch-la-lamborghini-revuelto-sv-prepare-une-reponse-encore-plus-puissante\/\">Ferrari F80 zaten 1.200 bhp g\u00fc\u00e7 \u00fcretiyor... Lamborghini Revuelto SV daha da g\u00fc\u00e7l\u00fc bir yan\u0131t vermeye haz\u0131rlan\u0131yor<\/a>\n\n\n\n<p class=\"gb-text wp-block-latest-posts__post-date\">21 Nisan 2026<\/p>\n<\/li>\n\n<li class=\"gb-loop-item post-49074 post type-post status-publish format-standard has-post-thumbnail hentry category-alfa-romeo generate-columns tablet-grid-50 mobile-grid-100 grid-parent grid-33\">\n<div class=\"wp-block-latest-posts__featured-image\">\n<img loading=\"lazy\" decoding=\"async\" width=\"1200\" height=\"800\" data-media-id=\"49075\" src=\"https:\/\/www.italpassion.fr\/wp-content\/uploads\/2026\/04\/alfa-romeo-afrique-du-sud-2.jpg\" alt=\"Alfa Romeo G\u00fcney Afrika&#039;n\u0131n en b\u00fcy\u00fck tepe t\u0131rmanma yar\u0131\u015f\u0131na \u00fc\u00e7 ara\u00e7la kat\u0131l\u0131yor... bunlardan biri sat\u0131\u015f direkt\u00f6r\u00fc taraf\u0131ndan kullan\u0131l\u0131yor\" srcset=\"https:\/\/www.italpassion.fr\/wp-content\/uploads\/2026\/04\/alfa-romeo-afrique-du-sud-2.jpg 1200w, https:\/\/www.italpassion.fr\/wp-content\/uploads\/2026\/04\/alfa-romeo-afrique-du-sud-2-420x280.jpg 420w, https:\/\/www.italpassion.fr\/wp-content\/uploads\/2026\/04\/alfa-romeo-afrique-du-sud-2-768x512.jpg 768w, https:\/\/www.italpassion.fr\/wp-content\/uploads\/2026\/04\/alfa-romeo-afrique-du-sud-2-18x12.jpg 18w\" sizes=\"auto, (max-width: 1200px) 100vw, 1200px\" \/>\n<\/div>\n\n\n\n<a class=\"gb-text wp-block-latest-posts__post-title\" href=\"https:\/\/www.italpassion.fr\/tr\/alfa-romeo\/alfa-romeo-engage-trois-voitures-dans-la-plus-grande-course-de-cote-dafrique-du-sud-dont-une-pilotee-par-son-directeur-commercial\/\">Alfa Romeo G\u00fcney Afrika'n\u0131n en b\u00fcy\u00fck tepe t\u0131rmanma yar\u0131\u015f\u0131na \u00fc\u00e7 ara\u00e7la kat\u0131l\u0131yor... bunlardan biri sat\u0131\u015f direkt\u00f6r\u00fc taraf\u0131ndan kullan\u0131l\u0131yor<\/a>\n\n\n\n<p class=\"gb-text wp-block-latest-posts__post-date\">21 Nisan 2026<\/p>\n<\/li>\n\n<li class=\"gb-loop-item post-49071 post type-post status-publish format-standard has-post-thumbnail hentry category-stellantis generate-columns tablet-grid-50 mobile-grid-100 grid-parent grid-33\">\n<div class=\"wp-block-latest-posts__featured-image\">\n<img loading=\"lazy\" decoding=\"async\" width=\"1200\" height=\"800\" data-media-id=\"44872\" src=\"https:\/\/www.italpassion.fr\/wp-content\/uploads\/2025\/12\/usine-cassino.jpg\" alt=\"Stellantis fabrikas\u0131 \u00fc\u00e7 ayda sadece 2916 otomobil \u00fcretti... H\u00fck\u00fcmet fabrikay\u0131 kurtarmak i\u00e7in \u00c7inli ortaklara a\u00e7\u0131k\" srcset=\"https:\/\/www.italpassion.fr\/wp-content\/uploads\/2025\/12\/usine-cassino.jpg 1200w, https:\/\/www.italpassion.fr\/wp-content\/uploads\/2025\/12\/usine-cassino-420x280.jpg 420w, https:\/\/www.italpassion.fr\/wp-content\/uploads\/2025\/12\/usine-cassino-768x512.jpg 768w, https:\/\/www.italpassion.fr\/wp-content\/uploads\/2025\/12\/usine-cassino-18x12.jpg 18w\" sizes=\"auto, (max-width: 1200px) 100vw, 1200px\" \/>\n<\/div>\n\n\n\n<a class=\"gb-text wp-block-latest-posts__post-title\" href=\"https:\/\/www.italpassion.fr\/tr\/stellantis\/cette-usine-stellantis-na-produit-que-2916-voitures-en-trois-mois-le-gouvernement-ouvert-a-des-partenaires-chinois-pour-la-sauver\/\">Stellantis fabrikas\u0131 \u00fc\u00e7 ayda sadece 2916 otomobil \u00fcretti... H\u00fck\u00fcmet fabrikay\u0131 kurtarmak i\u00e7in \u00c7inli ortaklara a\u00e7\u0131k<\/a>\n\n\n\n<p class=\"gb-text wp-block-latest-posts__post-date\">21 Nisan 2026<\/p>\n<\/li>\n\n<li class=\"gb-loop-item post-48748 post type-post status-publish format-standard has-post-thumbnail hentry category-lamborghini tag-lamborghini-essenza-scv12 generate-columns tablet-grid-50 mobile-grid-100 grid-parent grid-33\">\n<div class=\"wp-block-latest-posts__featured-image\">\n<img loading=\"lazy\" decoding=\"async\" width=\"1200\" height=\"800\" data-media-id=\"48800\" src=\"https:\/\/www.italpassion.fr\/wp-content\/uploads\/2026\/04\/essenza-scv12-01.jpg\" alt=\"Bu nadir Lamborghini V12, ilk \u00fcretildi\u011fi zamandan \u00e7ok daha az de\u011ferli... Sahibi 1 milyon avroya kadar kaybedebilir\" srcset=\"https:\/\/www.italpassion.fr\/wp-content\/uploads\/2026\/04\/essenza-scv12-01.jpg 1200w, https:\/\/www.italpassion.fr\/wp-content\/uploads\/2026\/04\/essenza-scv12-01-420x280.jpg 420w, https:\/\/www.italpassion.fr\/wp-content\/uploads\/2026\/04\/essenza-scv12-01-768x512.jpg 768w, https:\/\/www.italpassion.fr\/wp-content\/uploads\/2026\/04\/essenza-scv12-01-18x12.jpg 18w\" sizes=\"auto, (max-width: 1200px) 100vw, 1200px\" \/>\n<\/div>\n\n\n\n<a class=\"gb-text wp-block-latest-posts__post-title\" href=\"https:\/\/www.italpassion.fr\/tr\/lamborghini\/cette-rare-lamborghini-v12-vaut-beaucoup-moins-cher-qua-sa-sortie-son-proprietaire-pourrait-perdre-jusqua-1-million-deuros\/\">Bu nadir Lamborghini V12, ilk \u00fcretildi\u011fi zamandan \u00e7ok daha az de\u011ferli... Sahibi 1 milyon avroya kadar kaybedebilir<\/a>\n\n\n\n<p class=\"gb-text wp-block-latest-posts__post-date\">20 Nisan 2026<\/p>\n<\/li>\n\n<li class=\"gb-loop-item post-48809 post type-post status-publish format-standard has-post-thumbnail hentry category-de-tomaso tag-de-tomaso-pantera generate-columns tablet-grid-50 mobile-grid-100 grid-parent grid-33\">\n<div class=\"wp-block-latest-posts__featured-image\">\n<img loading=\"lazy\" decoding=\"async\" width=\"1200\" height=\"800\" data-media-id=\"48810\" src=\"https:\/\/www.italpassion.fr\/wp-content\/uploads\/2026\/04\/de-tomaso-1.jpg\" alt=\"Ford CEO&#039;su DeTomaso Pantera&#039;s\u0131n\u0131 sat\u0131yor... Ford&#039;un 70&#039;lerde \u015firket arac\u0131 olarak kulland\u0131\u011f\u0131 ara\u00e7\" srcset=\"https:\/\/www.italpassion.fr\/wp-content\/uploads\/2026\/04\/de-tomaso-1.jpg 1200w, https:\/\/www.italpassion.fr\/wp-content\/uploads\/2026\/04\/de-tomaso-1-420x280.jpg 420w, https:\/\/www.italpassion.fr\/wp-content\/uploads\/2026\/04\/de-tomaso-1-768x512.jpg 768w, https:\/\/www.italpassion.fr\/wp-content\/uploads\/2026\/04\/de-tomaso-1-18x12.jpg 18w\" sizes=\"auto, (max-width: 1200px) 100vw, 1200px\" \/>\n<\/div>\n\n\n\n<a class=\"gb-text wp-block-latest-posts__post-title\" href=\"https:\/\/www.italpassion.fr\/tr\/de-tomaso\/le-pdg-de-ford-vend-sa-detomaso-pantera-celle-que-ford-utilisait-comme-voiture-de-societe-dans-les-annees-70\/\">Ford CEO'su DeTomaso Pantera's\u0131n\u0131 sat\u0131yor... Ford'un 70'lerde \u015firket arac\u0131 olarak kulland\u0131\u011f\u0131 ara\u00e7<\/a>\n\n\n\n<p class=\"gb-text wp-block-latest-posts__post-date\">20 Nisan 2026<\/p>\n<\/li>\n<\/ul><\/div>\n<\/div>\n<\/div>\n\n\n\n<div class=\"middle-color\">\n<div class=\"gb-element-cfe5ec5e\">\n<h2 class=\"wp-block-heading\">Italpassion Hakk\u0131nda<\/h2>\n\n\n\n<p>2012 y\u0131l\u0131nda kurulan Italpassion, \u0130talyan otomobil markalar\u0131na adanm\u0131\u015f bir haber dergisidir: Abarth, Alfa Romeo, Ferrari, Fiat, Lamborghini, Lancia, Maserati ve Pagani.<\/p>\n\n\n\n<p>Italpassion ekibi ba\u011f\u0131ms\u0131zd\u0131r ve belirtilen markalar\u0131n hi\u00e7biriyle ba\u011flant\u0131l\u0131 de\u011fildir.<\/p>\n\n\n\n<p>\u0130\u00e7erikler haberler, yenilikler, k\u0131lavuzlar, dosyalar ve testlerdir. Hepsi \u0130talyan otomobilleri konusunda tutkulu bir edit\u00f6r ekibi taraf\u0131ndan yaz\u0131lm\u0131\u015ft\u0131r.<\/p>\n\n\n\n<p>\u0130\u00e7erik \u0130ngilizce, \u0130talyanca, Almanca, \u0130spanyolca, Portekizce, Japonca ve \u00c7ince dillerine \u00e7evrilerek geni\u015f bir uluslararas\u0131 okuyucu kitlesinin bilgiye eri\u015fimini sa\u011flamaktad\u0131r.<\/p>\n<\/div>\n<\/div>","protected":false},"excerpt":{"rendered":"","protected":false},"author":1,"featured_media":0,"parent":0,"menu_order":0,"comment_status":"closed","ping_status":"closed","template":"","meta":{"_acf_changed":false,"_sitemap_exclude":false,"_sitemap_priority":"","_sitemap_frequency":"","footnotes":""},"class_list":["post-36","page","type-page","status-publish"],"acf":[],"yoast_head":"<!-- This site is optimized with the Yoast SEO plugin v25.8 - https:\/\/yoast.com\/wordpress\/plugins\/seo\/ -->\n<title>ItalPassion - Les Passionn\u00e9s d&#039;Automobiles Italiennes<\/title>\n<meta name=\"description\" content=\"Toute l&#039;actualit\u00e9 automobile des marques automobiles italiennes par des passionn\u00e9s : nouveaut\u00e9s, scoops, rumeurs, \u00e9v\u00e9nements et comp\u00e9titions.\" \/>\n<meta name=\"robots\" content=\"index, follow, max-snippet:-1, max-image-preview:large, max-video-preview:-1\" \/>\n<link rel=\"canonical\" href=\"https:\/\/www.italpassion.fr\/tr\/\" \/>\n<meta property=\"og:locale\" content=\"tr_TR\" \/>\n<meta property=\"og:type\" content=\"article\" \/>\n<meta property=\"og:title\" content=\"ItalPassion - Les Passionn\u00e9s d&#039;Automobiles Italiennes\" \/>\n<meta property=\"og:description\" content=\"Toute l&#039;actualit\u00e9 automobile des marques automobiles italiennes par des passionn\u00e9s : nouveaut\u00e9s, scoops, rumeurs, \u00e9v\u00e9nements et comp\u00e9titions.\" \/>\n<meta property=\"og:url\" content=\"https:\/\/www.italpassion.fr\/tr\/\" \/>\n<meta property=\"og:site_name\" content=\"ItalPassion\" \/>\n<meta property=\"article:publisher\" content=\"https:\/\/www.facebook.com\/italpassion\" \/>\n<meta property=\"article:modified_time\" content=\"2025-04-02T12:45:43+00:00\" \/>\n<meta property=\"og:image\" content=\"https:\/\/www.italpassion.fr\/wp-content\/uploads\/2025\/04\/logo-abarth.svg\" \/>\n<meta name=\"twitter:card\" content=\"summary_large_image\" \/>\n<meta name=\"twitter:site\" content=\"@italpassion\" \/>\n<script type=\"application\/ld+json\" class=\"yoast-schema-graph\">{\"@context\":\"https:\/\/schema.org\",\"@graph\":[{\"@type\":\"WebPage\",\"@id\":\"https:\/\/www.italpassion.fr\/tr\/\",\"url\":\"https:\/\/www.italpassion.fr\/tr\/\",\"name\":\"ItalPassion - Les Passionn\u00e9s d'Automobiles Italiennes\",\"isPartOf\":{\"@id\":\"https:\/\/www.italpassion.fr\/tr\/#website\"},\"primaryImageOfPage\":{\"@id\":\"https:\/\/www.italpassion.fr\/tr\/#primaryimage\"},\"image\":{\"@id\":\"https:\/\/www.italpassion.fr\/tr\/#primaryimage\"},\"thumbnailUrl\":\"https:\/\/www.italpassion.fr\/wp-content\/uploads\/2025\/04\/logo-abarth.svg\",\"datePublished\":\"2017-02-16T08:13:19+00:00\",\"dateModified\":\"2025-04-02T12:45:43+00:00\",\"description\":\"Toute l'actualit\u00e9 automobile des marques automobiles italiennes par des passionn\u00e9s : nouveaut\u00e9s, scoops, rumeurs, \u00e9v\u00e9nements et comp\u00e9titions.\",\"breadcrumb\":{\"@id\":\"https:\/\/www.italpassion.fr\/tr\/#breadcrumb\"},\"inLanguage\":\"tr\",\"potentialAction\":[{\"@type\":\"ReadAction\",\"target\":[\"https:\/\/www.italpassion.fr\/tr\/\"]}]},{\"@type\":\"ImageObject\",\"inLanguage\":\"tr\",\"@id\":\"https:\/\/www.italpassion.fr\/tr\/#primaryimage\",\"url\":\"https:\/\/www.italpassion.fr\/wp-content\/uploads\/2025\/04\/logo-abarth.svg\",\"contentUrl\":\"https:\/\/www.italpassion.fr\/wp-content\/uploads\/2025\/04\/logo-abarth.svg\"},{\"@type\":\"BreadcrumbList\",\"@id\":\"https:\/\/www.italpassion.fr\/tr\/#breadcrumb\",\"itemListElement\":[{\"@type\":\"ListItem\",\"position\":1,\"name\":\"Accueil\",\"item\":\"https:\/\/www.italpassion.fr\/tr\/\"},{\"@type\":\"ListItem\",\"position\":2,\"name\":\"Accueil\"}]},{\"@type\":\"WebSite\",\"@id\":\"https:\/\/www.italpassion.fr\/tr\/#website\",\"url\":\"https:\/\/www.italpassion.fr\/tr\/\",\"name\":\"ItalPassion\",\"description\":\"Les Passionn\u00e9s d&#039;Automobiles Italiennes\",\"publisher\":{\"@id\":\"https:\/\/www.italpassion.fr\/tr\/#organization\"},\"potentialAction\":[{\"@type\":\"SearchAction\",\"target\":{\"@type\":\"EntryPoint\",\"urlTemplate\":\"https:\/\/www.italpassion.fr\/tr\/?s={search_term_string}\"},\"query-input\":{\"@type\":\"PropertyValueSpecification\",\"valueRequired\":true,\"valueName\":\"search_term_string\"}}],\"inLanguage\":\"tr\"},{\"@type\":\"Organization\",\"@id\":\"https:\/\/www.italpassion.fr\/tr\/#organization\",\"name\":\"Italpassion\",\"url\":\"https:\/\/www.italpassion.fr\/tr\/\",\"logo\":{\"@type\":\"ImageObject\",\"inLanguage\":\"tr\",\"@id\":\"https:\/\/www.italpassion.fr\/tr\/#\/schema\/logo\/image\/\",\"url\":\"https:\/\/www.italpassion.fr\/wp-content\/uploads\/2023\/07\/italpassion-yoast.jpg\",\"contentUrl\":\"https:\/\/www.italpassion.fr\/wp-content\/uploads\/2023\/07\/italpassion-yoast.jpg\",\"width\":696,\"height\":696,\"caption\":\"Italpassion\"},\"image\":{\"@id\":\"https:\/\/www.italpassion.fr\/tr\/#\/schema\/logo\/image\/\"},\"sameAs\":[\"https:\/\/www.facebook.com\/italpassion\",\"https:\/\/x.com\/italpassion\",\"https:\/\/www.instagram.com\/italpassionfr\/\",\"https:\/\/www.youtube.com\/channel\/UCleq-ByQaA42OjhopwevRjQ\",\"https:\/\/www.facebook.com\/italpassion.en\/\",\"https:\/\/www.facebook.com\/italpassion.it\/\",\"https:\/\/www.facebook.com\/italpassion.de\/\",\"https:\/\/www.facebook.com\/italpassion.ja\/\"]}]}<\/script>\n<!-- \/ Yoast SEO plugin. -->","yoast_head_json":{"title":"ItalPassion - \u0130talyan Otomobil Merakl\u0131lar\u0131","description":"Merakl\u0131lar\u0131 taraf\u0131ndan \u0130talyan otomobil markalar\u0131n\u0131n t\u00fcm otomotiv haberleri: haberler, atlatma haberler, s\u00f6ylentiler, etkinlikler ve yar\u0131\u015fmalar.","robots":{"index":"index","follow":"follow","max-snippet":"max-snippet:-1","max-image-preview":"max-image-preview:large","max-video-preview":"max-video-preview:-1"},"canonical":"https:\/\/www.italpassion.fr\/tr\/","og_locale":"tr_TR","og_type":"article","og_title":"ItalPassion - Les Passionn\u00e9s d'Automobiles Italiennes","og_description":"Toute l'actualit\u00e9 automobile des marques automobiles italiennes par des passionn\u00e9s : nouveaut\u00e9s, scoops, rumeurs, \u00e9v\u00e9nements et comp\u00e9titions.","og_url":"https:\/\/www.italpassion.fr\/tr\/","og_site_name":"ItalPassion","article_publisher":"https:\/\/www.facebook.com\/italpassion","article_modified_time":"2025-04-02T12:45:43+00:00","og_image":[{"url":"https:\/\/www.italpassion.fr\/wp-content\/uploads\/2025\/04\/logo-abarth.svg","type":"","width":"","height":""}],"twitter_card":"summary_large_image","twitter_site":"@italpassion","schema":{"@context":"https:\/\/schema.org","@graph":[{"@type":"WebPage","@id":"https:\/\/www.italpassion.fr\/tr\/","url":"https:\/\/www.italpassion.fr\/tr\/","name":"ItalPassion - \u0130talyan Otomobil Merakl\u0131lar\u0131","isPartOf":{"@id":"https:\/\/www.italpassion.fr\/tr\/#website"},"primaryImageOfPage":{"@id":"https:\/\/www.italpassion.fr\/tr\/#primaryimage"},"image":{"@id":"https:\/\/www.italpassion.fr\/tr\/#primaryimage"},"thumbnailUrl":"https:\/\/www.italpassion.fr\/wp-content\/uploads\/2025\/04\/logo-abarth.svg","datePublished":"2017-02-16T08:13:19+00:00","dateModified":"2025-04-02T12:45:43+00:00","description":"Merakl\u0131lar\u0131 taraf\u0131ndan \u0130talyan otomobil markalar\u0131n\u0131n t\u00fcm otomotiv haberleri: haberler, atlatma haberler, s\u00f6ylentiler, etkinlikler ve yar\u0131\u015fmalar.","breadcrumb":{"@id":"https:\/\/www.italpassion.fr\/tr\/#breadcrumb"},"inLanguage":"tr","potentialAction":[{"@type":"ReadAction","target":["https:\/\/www.italpassion.fr\/tr\/"]}]},{"@type":"ImageObject","inLanguage":"tr","@id":"https:\/\/www.italpassion.fr\/tr\/#primaryimage","url":"https:\/\/www.italpassion.fr\/wp-content\/uploads\/2025\/04\/logo-abarth.svg","contentUrl":"https:\/\/www.italpassion.fr\/wp-content\/uploads\/2025\/04\/logo-abarth.svg"},{"@type":"BreadcrumbList","@id":"https:\/\/www.italpassion.fr\/tr\/#breadcrumb","itemListElement":[{"@type":"ListItem","position":1,"name":"Accueil","item":"https:\/\/www.italpassion.fr\/tr\/"},{"@type":"ListItem","position":2,"name":"Accueil"}]},{"@type":"WebSite","@id":"https:\/\/www.italpassion.fr\/tr\/#website","url":"https:\/\/www.italpassion.fr\/tr\/","name":"ItalPassion","description":"\u0130talyan Araba Merakl\u0131lar\u0131","publisher":{"@id":"https:\/\/www.italpassion.fr\/tr\/#organization"},"potentialAction":[{"@type":"SearchAction","target":{"@type":"EntryPoint","urlTemplate":"https:\/\/www.italpassion.fr\/tr\/?s={search_term_string}"},"query-input":{"@type":"PropertyValueSpecification","valueRequired":true,"valueName":"search_term_string"}}],"inLanguage":"tr"},{"@type":"Organization","@id":"https:\/\/www.italpassion.fr\/tr\/#organization","name":"Italpassion","url":"https:\/\/www.italpassion.fr\/tr\/","logo":{"@type":"ImageObject","inLanguage":"tr","@id":"https:\/\/www.italpassion.fr\/tr\/#\/schema\/logo\/image\/","url":"https:\/\/www.italpassion.fr\/wp-content\/uploads\/2023\/07\/italpassion-yoast.jpg","contentUrl":"https:\/\/www.italpassion.fr\/wp-content\/uploads\/2023\/07\/italpassion-yoast.jpg","width":696,"height":696,"caption":"Italpassion"},"image":{"@id":"https:\/\/www.italpassion.fr\/tr\/#\/schema\/logo\/image\/"},"sameAs":["https:\/\/www.facebook.com\/italpassion","https:\/\/x.com\/italpassion","https:\/\/www.instagram.com\/italpassionfr\/","https:\/\/www.youtube.com\/channel\/UCleq-ByQaA42OjhopwevRjQ","https:\/\/www.facebook.com\/italpassion.en\/","https:\/\/www.facebook.com\/italpassion.it\/","https:\/\/www.facebook.com\/italpassion.de\/","https:\/\/www.facebook.com\/italpassion.ja\/"]}]}},"_links":{"self":[{"href":"https:\/\/www.italpassion.fr\/tr\/wp-json\/wp\/v2\/pages\/36","targetHints":{"allow":["GET"]}}],"collection":[{"href":"https:\/\/www.italpassion.fr\/tr\/wp-json\/wp\/v2\/pages"}],"about":[{"href":"https:\/\/www.italpassion.fr\/tr\/wp-json\/wp\/v2\/types\/page"}],"author":[{"embeddable":true,"href":"https:\/\/www.italpassion.fr\/tr\/wp-json\/wp\/v2\/users\/1"}],"replies":[{"embeddable":true,"href":"https:\/\/www.italpassion.fr\/tr\/wp-json\/wp\/v2\/comments?post=36"}],"version-history":[{"count":3,"href":"https:\/\/www.italpassion.fr\/tr\/wp-json\/wp\/v2\/pages\/36\/revisions"}],"predecessor-version":[{"id":37721,"href":"https:\/\/www.italpassion.fr\/tr\/wp-json\/wp\/v2\/pages\/36\/revisions\/37721"}],"wp:attachment":[{"href":"https:\/\/www.italpassion.fr\/tr\/wp-json\/wp\/v2\/media?parent=36"}],"curies":[{"name":"wp","href":"https:\/\/api.w.org\/{rel}","templated":true}]}}